{"id":9421,"date":"2024-04-12T10:39:27","date_gmt":"2024-04-12T08:39:27","guid":{"rendered":"https:\/\/www.hotellebalze.it\/in-der-naehe\/"},"modified":"2026-02-17T15:58:32","modified_gmt":"2026-02-17T14:58:32","slug":"in-der-naehe","status":"publish","type":"page","link":"https:\/\/www.hotellebalze.it\/de\/in-der-naehe\/","title":{"rendered":"In der N\u00e4he"},"content":{"rendered":"<div  class=\"grids-section grids-is-advanced alignwide\" style=\"--_gs-gap-desktop:0px 0px;--_gs-m-desktop:0px 0 0px 0;--_gs-p-desktop:0 0 0 0;--_gs-bg-desktop:transparent none;--_gs-bg-xp-desktop:0px;--_gs-zi-desktop:1;--_gs-d-desktop:block;--_gs-mw-desktop:calc(100% - 0 - 0);--_gs-gap-tablet:0px 0px;--_gs-m-tablet:0px 0 0px 0;--_gs-p-tablet:0 0 0 0;--_gs-bg-tablet:transparent none;--_gs-bg-xp-tablet:0px;--_gs-zi-tablet:1;--_gs-d-tablet:block;--_gs-mw-tablet:calc(100% - 0 - 0);--_gs-gap-mobile:0px 0px;--_gs-m-mobile:0px 0 0px 0;--_gs-p-mobile:0 0 0 0;--_gs-bg-mobile:#ffffff none;--_gs-bg-xp-mobile:0px;--_gs-zi-mobile:1;--_gs-d-mobile:block;--_gs-mw-mobile:calc(100% - 0 - 0);--_gs-columns:12;--_gs-rows:6\"><div class=\"grids-s-w_i\">\n<div class=\"grids-area\" style=\"--_ga-column:1\/7;--_ga-row:1\/2;--_ga-m-desktop:0 15px 0 0;--_ga-p-desktop:0 60px 0 0;--_ga-bg-desktop:transparent none;--_ga-zi-desktop:auto;--_ga-d-desktop:flex;--_ga-mw-desktop:calc(100% - 0 - 15px);--_ga-m-tablet:0 15px 0 0;--_ga-p-tablet:20px 20px 20px 20px;--_ga-bg-tablet:transparent none;--_ga-zi-tablet:auto;--_ga-d-tablet:flex;--_ga-mw-tablet:calc(100% - 0 - 15px);--_ga-m-mobile:0 15px 0 0;--_ga-p-mobile:20px 20px 20px 20px;--_ga-bg-mobile:transparent none;--_ga-zi-mobile:auto;--_ga-d-mobile:flex;--_ga-mw-mobile:calc(100% - 0 - 15px)\">\n\n<h1 class=\"wp-block-heading alignfull has-text-align-left\"><strong>In der Umgebung<\/strong><\/h1>\n\n\n\n<div style=\"height:20px\" aria-hidden=\"true\" class=\"wp-block-spacer\"><\/div>\n\n\n\n<ul class=\"wp-block-list\">\n<li>Jogging-\/Rad-\/Nordic Walking-Routen starten direkt beim Hotel<\/li>\n\n\n\n<li>Fahrrad- und E-Bike-Verleih<\/li>\n\n\n\n<li>11 Tennispl\u00e4tze<\/li>\n\n\n\n<li>Informationsb\u00fcro Voltino km. 1,5<\/li>\n\n\n\n<li>Informationsb\u00fcro Pieve km. 6<\/li>\n\n\n\n<li>Post km 6<\/li>\n\n\n\n<li>Bank km 6<\/li>\n\n\n\n<li>Apotheke km 6<\/li>\n\n\n\n<li>Krankenhaus mit Notaufnahme Arco km 20<\/li>\n\n\n\n<li>Bushaltestelle Voltino km 1,5<\/li>\n\n\n\n<li>Bushaltestelle Vesio km. 2<\/li>\n\n\n\n<li>Bar\/Restaurants\/Gesch\u00e4fte km. 6<\/li>\n<\/ul>\n\n<\/div>\n\n<div class=\"grids-area\" style=\"--_ga-column:7\/13;--_ga-row:1\/2;--_ga-va:center;--_ga-m-desktop:0 0 0 0;--_ga-p-desktop:0 0 0 0;--_ga-bg-desktop:transparent none;--_ga-zi-desktop:auto;--_ga-d-desktop:flex;--_ga-mw-desktop:calc(100% - 0 - 0);--_ga-m-tablet:0 0 0 0;--_ga-p-tablet:0 0 0 0;--_ga-bg-tablet:transparent none;--_ga-zi-tablet:auto;--_ga-d-tablet:flex;--_ga-mw-tablet:calc(100% - 0 - 0);--_ga-m-mobile:0 0 0 0;--_ga-p-mobile:0 0 0 0;--_ga-bg-mobile:transparent none;--_ga-zi-mobile:auto;--_ga-d-mobile:flex;--_ga-mw-mobile:calc(100% - 0 - 0)\">\n\n<figure class=\"wp-block-image size-large\"><img loading=\"lazy\" decoding=\"async\" width=\"1024\" height=\"683\" src=\"https:\/\/www.hotellebalze.it\/wp-content\/uploads\/2024\/03\/Gruppo-in-escursione-1024x683.webp\" alt=\"\" class=\"wp-image-8944\" srcset=\"https:\/\/www.hotellebalze.it\/wp-content\/uploads\/2024\/03\/Gruppo-in-escursione-1024x683.webp 1024w, https:\/\/www.hotellebalze.it\/wp-content\/uploads\/2024\/03\/Gruppo-in-escursione-300x200.webp 300w, https:\/\/www.hotellebalze.it\/wp-content\/uploads\/2024\/03\/Gruppo-in-escursione-768x512.webp 768w, https:\/\/www.hotellebalze.it\/wp-content\/uploads\/2024\/03\/Gruppo-in-escursione-1536x1024.webp 1536w, https:\/\/www.hotellebalze.it\/wp-content\/uploads\/2024\/03\/Gruppo-in-escursione-1200x800.webp 1200w, https:\/\/www.hotellebalze.it\/wp-content\/uploads\/2024\/03\/Gruppo-in-escursione.webp 1620w\" sizes=\"auto, (max-width: 1024px) 100vw, 1024px\" \/><\/figure>\n\n<\/div>\n<\/div><\/div>\n\n\n<div class=\"conver-widget-v2\"\n     data-instance=\"conver-v2-2\">\n\n  <div class=\"chat-container\" id=\"chat-section\">\n\n    <div class=\"chat-header\">\n      <div class=\"chat-header-logo\">\n        <img decoding=\"async\"\n          src=\"https:\/\/www.hotellebalze.it\/wp-content\/themes\/jampaa\/template-parts\/ricerca-conversazionale-v2\/assets\/img\/logo-ricerca-conv.png\"\n          alt=\"\"\n        >\n        <span>Hallo<\/span>\n      <\/div>\n\n      <h2>Womit fangen wir an?<\/h2>\n    <\/div>\n\n    <!-- Chat -->\n    <div class=\"chat-box\"><\/div>\n\n    <!-- Loading -->\n    <div class=\"loading-conver hidden\" aria-hidden=\"true\">\n      <div class=\"dot\"><\/div><div class=\"dot\"><\/div><div class=\"dot\"><\/div>\n    <\/div>\n\n    <!-- Input -->\n    <div class=\"input-area-conver-wrapper\">\n      <div class=\"input-area-conver\">\n        <textarea\n          class=\"user-input-conver\"\n          placeholder=\"Stelle eine Frage...\"\n          rows=\"1\"\n        ><\/textarea>\n\n        <div class=\"box-btn-conver\">\n          <a class=\"send-btn-conver\" href=\"#\" role=\"button\" aria-label=\"AI Search\">\n            <i class=\"fa-light fa-magnifying-glass icon-search\" aria-hidden=\"true\"><\/i>\n            <i class=\"fa-regular fa-arrow-up icon-send hidden\" aria-hidden=\"true\"><\/i>\n            <span class=\"ai-search-text\">AI Search<\/span>\n          <\/a>\n\n          <i class=\"fa-light fa-close icon-erase hidden\" aria-hidden=\"true\"><\/i>\n        <\/div>\n      <\/div>\n    <\/div>\n    <span class=\"show-quick-questions hidden\">Zeige schnelle Fragen<\/span>\n\n    <!-- Domande rapide -->\n    <div class=\"entry-chats-wrapper\">\n      <button type=\"button\" class=\"entry-chat\" data-prompt=\"Ein Zimmer f\u00fcr zwei Personen buchen\">\n        Ein Zimmer f\u00fcr zwei Personen buchen      <\/button>\n\n      <button type=\"button\" class=\"entry-chat\" data-prompt=\"Sonderangebote entdecken\">\n        Sonderangebote entdecken      <\/button>\n\n      <button type=\"button\" class=\"entry-chat\" data-prompt=\"Zimmer entdecken\">\n        Zimmer entdecken      <\/button>\n\n      <button type=\"button\" class=\"entry-chat\" data-prompt=\"Wellnesscenter \u2018La Dolce Vita\u2019 entdecken\">\n        Wellnesscenter \u2018La Dolce Vita\u2019 entdecken      <\/button>\n    <\/div>\n\n  <\/div>\n<\/div>\n","protected":false},"excerpt":{"rendered":"","protected":false},"author":8,"featured_media":8943,"parent":0,"menu_order":0,"comment_status":"closed","ping_status":"closed","template":"templates\/template-full-width.php","meta":{"_acf_changed":false,"advgb_blocks_editor_width":"","advgb_blocks_columns_visual_guide":"","footnotes":""},"class_list":["post-9421","page","type-page","status-publish","has-post-thumbnail","hentry"],"acf":[],"yoast_head":"<!-- This site is optimized with the Yoast SEO plugin v27.4 - https:\/\/yoast.com\/product\/yoast-seo-wordpress\/ -->\n<title>In der N\u00e4he - Hotel Le Balze<\/title>\n<meta name=\"description\" content=\"Das Hotel Le Balze - Artik &amp; Wellness befindet sich in Tremosine sul Garda, das auch als &quot;Paradies des Gardasees&quot; bezeichnet wird, weil es zu den &quot;sch\u00f6nsten D\u00f6rfern Italiens&quot; geh\u00f6rt, und liegt auf einem wundersch\u00f6nen Plateau mit Blick auf den See, im Herzen des Naturparks Brescian.\" \/>\n<meta name=\"robots\" content=\"index, follow, max-snippet:-1, max-image-preview:large, max-video-preview:-1\" \/>\n<link rel=\"canonical\" href=\"https:\/\/www.hotellebalze.it\/de\/in-der-naehe\/\" \/>\n<meta property=\"og:locale\" content=\"de_DE\" \/>\n<meta property=\"og:type\" content=\"article\" \/>\n<meta property=\"og:title\" content=\"In der N\u00e4he - Hotel Le Balze\" \/>\n<meta property=\"og:description\" content=\"Das Hotel Le Balze - Artik &amp; Wellness befindet sich in Tremosine sul Garda, das auch als &quot;Paradies des Gardasees&quot; bezeichnet wird, weil es zu den &quot;sch\u00f6nsten D\u00f6rfern Italiens&quot; geh\u00f6rt, und liegt auf einem wundersch\u00f6nen Plateau mit Blick auf den See, im Herzen des Naturparks Brescian.\" \/>\n<meta property=\"og:url\" content=\"https:\/\/www.hotellebalze.it\/de\/in-der-naehe\/\" \/>\n<meta property=\"og:site_name\" content=\"Hotel Le Balze\" \/>\n<meta property=\"article:modified_time\" content=\"2026-02-17T14:58:32+00:00\" \/>\n<meta property=\"og:image\" content=\"https:\/\/www.hotellebalze.it\/wp-content\/uploads\/2024\/03\/Paesaggio-montano-con-lago.webp\" \/>\n\t<meta property=\"og:image:width\" content=\"1623\" \/>\n\t<meta property=\"og:image:height\" content=\"1080\" \/>\n\t<meta property=\"og:image:type\" content=\"image\/webp\" \/>\n<meta name=\"twitter:card\" content=\"summary_large_image\" \/>\n<meta name=\"twitter:label1\" content=\"Gesch\u00e4tzte Lesezeit\" \/>\n\t<meta name=\"twitter:data1\" content=\"1\u00a0Minute\" \/>\n<script type=\"application\/ld+json\" class=\"yoast-schema-graph\">{\"@context\":\"https:\\\/\\\/schema.org\",\"@graph\":[{\"@type\":\"WebPage\",\"@id\":\"https:\\\/\\\/www.hotellebalze.it\\\/de\\\/in-der-naehe\\\/\",\"url\":\"https:\\\/\\\/www.hotellebalze.it\\\/de\\\/in-der-naehe\\\/\",\"name\":\"In der N\u00e4he - Hotel Le Balze\",\"isPartOf\":{\"@id\":\"https:\\\/\\\/www.hotellebalze.it\\\/de\\\/#website\"},\"primaryImageOfPage\":{\"@id\":\"https:\\\/\\\/www.hotellebalze.it\\\/de\\\/in-der-naehe\\\/#primaryimage\"},\"image\":{\"@id\":\"https:\\\/\\\/www.hotellebalze.it\\\/de\\\/in-der-naehe\\\/#primaryimage\"},\"thumbnailUrl\":\"https:\\\/\\\/www.hotellebalze.it\\\/wp-content\\\/uploads\\\/2024\\\/03\\\/Paesaggio-montano-con-lago.webp\",\"datePublished\":\"2024-04-12T08:39:27+00:00\",\"dateModified\":\"2026-02-17T14:58:32+00:00\",\"description\":\"Das Hotel Le Balze - Artik & Wellness befindet sich in Tremosine sul Garda, das auch als \\\"Paradies des Gardasees\\\" bezeichnet wird, weil es zu den \\\"sch\u00f6nsten D\u00f6rfern Italiens\\\" geh\u00f6rt, und liegt auf einem wundersch\u00f6nen Plateau mit Blick auf den See, im Herzen des Naturparks Brescian.\",\"inLanguage\":\"de\",\"potentialAction\":[{\"@type\":\"ReadAction\",\"target\":[\"https:\\\/\\\/www.hotellebalze.it\\\/de\\\/in-der-naehe\\\/\"]}]},{\"@type\":\"ImageObject\",\"inLanguage\":\"de\",\"@id\":\"https:\\\/\\\/www.hotellebalze.it\\\/de\\\/in-der-naehe\\\/#primaryimage\",\"url\":\"https:\\\/\\\/www.hotellebalze.it\\\/wp-content\\\/uploads\\\/2024\\\/03\\\/Paesaggio-montano-con-lago.webp\",\"contentUrl\":\"https:\\\/\\\/www.hotellebalze.it\\\/wp-content\\\/uploads\\\/2024\\\/03\\\/Paesaggio-montano-con-lago.webp\",\"width\":1623,\"height\":1080},{\"@type\":\"WebSite\",\"@id\":\"https:\\\/\\\/www.hotellebalze.it\\\/de\\\/#website\",\"url\":\"https:\\\/\\\/www.hotellebalze.it\\\/de\\\/\",\"name\":\"Hotel Le Balze\",\"description\":\"TREMOSINE SUL GARDA\",\"publisher\":{\"@id\":\"https:\\\/\\\/www.hotellebalze.it\\\/de\\\/#organization\"},\"potentialAction\":[{\"@type\":\"SearchAction\",\"target\":{\"@type\":\"EntryPoint\",\"urlTemplate\":\"https:\\\/\\\/www.hotellebalze.it\\\/de\\\/?s={search_term_string}\"},\"query-input\":{\"@type\":\"PropertyValueSpecification\",\"valueRequired\":true,\"valueName\":\"search_term_string\"}}],\"inLanguage\":\"de\"},{\"@type\":\"Organization\",\"@id\":\"https:\\\/\\\/www.hotellebalze.it\\\/de\\\/#organization\",\"name\":\"Hotel Le Balze\",\"url\":\"https:\\\/\\\/www.hotellebalze.it\\\/de\\\/\",\"logo\":{\"@type\":\"ImageObject\",\"inLanguage\":\"de\",\"@id\":\"https:\\\/\\\/www.hotellebalze.it\\\/de\\\/#\\\/schema\\\/logo\\\/image\\\/\",\"url\":\"https:\\\/\\\/www.hotellebalze.it\\\/wp-content\\\/uploads\\\/2024\\\/03\\\/hotel-le-balze.png\",\"contentUrl\":\"https:\\\/\\\/www.hotellebalze.it\\\/wp-content\\\/uploads\\\/2024\\\/03\\\/hotel-le-balze.png\",\"width\":1200,\"height\":244,\"caption\":\"Hotel Le Balze\"},\"image\":{\"@id\":\"https:\\\/\\\/www.hotellebalze.it\\\/de\\\/#\\\/schema\\\/logo\\\/image\\\/\"}}]}<\/script>\n<!-- \/ Yoast SEO plugin. -->","yoast_head_json":{"title":"In der N\u00e4he - Hotel Le Balze","description":"Das Hotel Le Balze - Artik & Wellness befindet sich in Tremosine sul Garda, das auch als \"Paradies des Gardasees\" bezeichnet wird, weil es zu den \"sch\u00f6nsten D\u00f6rfern Italiens\" geh\u00f6rt, und liegt auf einem wundersch\u00f6nen Plateau mit Blick auf den See, im Herzen des Naturparks Brescian.","robots":{"index":"index","follow":"follow","max-snippet":"max-snippet:-1","max-image-preview":"max-image-preview:large","max-video-preview":"max-video-preview:-1"},"canonical":"https:\/\/www.hotellebalze.it\/de\/in-der-naehe\/","og_locale":"de_DE","og_type":"article","og_title":"In der N\u00e4he - Hotel Le Balze","og_description":"Das Hotel Le Balze - Artik & Wellness befindet sich in Tremosine sul Garda, das auch als \"Paradies des Gardasees\" bezeichnet wird, weil es zu den \"sch\u00f6nsten D\u00f6rfern Italiens\" geh\u00f6rt, und liegt auf einem wundersch\u00f6nen Plateau mit Blick auf den See, im Herzen des Naturparks Brescian.","og_url":"https:\/\/www.hotellebalze.it\/de\/in-der-naehe\/","og_site_name":"Hotel Le Balze","article_modified_time":"2026-02-17T14:58:32+00:00","og_image":[{"width":1623,"height":1080,"url":"https:\/\/www.hotellebalze.it\/wp-content\/uploads\/2024\/03\/Paesaggio-montano-con-lago.webp","type":"image\/webp"}],"twitter_card":"summary_large_image","twitter_misc":{"Gesch\u00e4tzte Lesezeit":"1\u00a0Minute"},"schema":{"@context":"https:\/\/schema.org","@graph":[{"@type":"WebPage","@id":"https:\/\/www.hotellebalze.it\/de\/in-der-naehe\/","url":"https:\/\/www.hotellebalze.it\/de\/in-der-naehe\/","name":"In der N\u00e4he - Hotel Le Balze","isPartOf":{"@id":"https:\/\/www.hotellebalze.it\/de\/#website"},"primaryImageOfPage":{"@id":"https:\/\/www.hotellebalze.it\/de\/in-der-naehe\/#primaryimage"},"image":{"@id":"https:\/\/www.hotellebalze.it\/de\/in-der-naehe\/#primaryimage"},"thumbnailUrl":"https:\/\/www.hotellebalze.it\/wp-content\/uploads\/2024\/03\/Paesaggio-montano-con-lago.webp","datePublished":"2024-04-12T08:39:27+00:00","dateModified":"2026-02-17T14:58:32+00:00","description":"Das Hotel Le Balze - Artik & Wellness befindet sich in Tremosine sul Garda, das auch als \"Paradies des Gardasees\" bezeichnet wird, weil es zu den \"sch\u00f6nsten D\u00f6rfern Italiens\" geh\u00f6rt, und liegt auf einem wundersch\u00f6nen Plateau mit Blick auf den See, im Herzen des Naturparks Brescian.","inLanguage":"de","potentialAction":[{"@type":"ReadAction","target":["https:\/\/www.hotellebalze.it\/de\/in-der-naehe\/"]}]},{"@type":"ImageObject","inLanguage":"de","@id":"https:\/\/www.hotellebalze.it\/de\/in-der-naehe\/#primaryimage","url":"https:\/\/www.hotellebalze.it\/wp-content\/uploads\/2024\/03\/Paesaggio-montano-con-lago.webp","contentUrl":"https:\/\/www.hotellebalze.it\/wp-content\/uploads\/2024\/03\/Paesaggio-montano-con-lago.webp","width":1623,"height":1080},{"@type":"WebSite","@id":"https:\/\/www.hotellebalze.it\/de\/#website","url":"https:\/\/www.hotellebalze.it\/de\/","name":"Hotel Le Balze","description":"TREMOSINE SUL GARDA","publisher":{"@id":"https:\/\/www.hotellebalze.it\/de\/#organization"},"potentialAction":[{"@type":"SearchAction","target":{"@type":"EntryPoint","urlTemplate":"https:\/\/www.hotellebalze.it\/de\/?s={search_term_string}"},"query-input":{"@type":"PropertyValueSpecification","valueRequired":true,"valueName":"search_term_string"}}],"inLanguage":"de"},{"@type":"Organization","@id":"https:\/\/www.hotellebalze.it\/de\/#organization","name":"Hotel Le Balze","url":"https:\/\/www.hotellebalze.it\/de\/","logo":{"@type":"ImageObject","inLanguage":"de","@id":"https:\/\/www.hotellebalze.it\/de\/#\/schema\/logo\/image\/","url":"https:\/\/www.hotellebalze.it\/wp-content\/uploads\/2024\/03\/hotel-le-balze.png","contentUrl":"https:\/\/www.hotellebalze.it\/wp-content\/uploads\/2024\/03\/hotel-le-balze.png","width":1200,"height":244,"caption":"Hotel Le Balze"},"image":{"@id":"https:\/\/www.hotellebalze.it\/de\/#\/schema\/logo\/image\/"}}]}},"coauthors":[],"author_meta":{"author_link":"https:\/\/www.hotellebalze.it\/de\/author\/marcop-flcmakiop\/","display_name":"Marco Perinel"},"relative_dates":{"created":"Posted 2\u00a0Jahren ago","modified":"Updated 2\u00a0Monaten ago"},"absolute_dates":{"created":"Posted on 12. April 2024","modified":"Updated on 17. Februar 2026"},"absolute_dates_time":{"created":"Posted on 12. April 2024 10:39","modified":"Updated on 17. Februar 2026 15:58"},"featured_img_caption":"","featured_img":"https:\/\/www.hotellebalze.it\/wp-content\/uploads\/2024\/03\/Paesaggio-montano-con-lago-1200x799.webp","series_order":"","_links":{"self":[{"href":"https:\/\/www.hotellebalze.it\/de\/wp-json\/wp\/v2\/pages\/9421","targetHints":{"allow":["GET"]}}],"collection":[{"href":"https:\/\/www.hotellebalze.it\/de\/wp-json\/wp\/v2\/pages"}],"about":[{"href":"https:\/\/www.hotellebalze.it\/de\/wp-json\/wp\/v2\/types\/page"}],"author":[{"embeddable":true,"href":"https:\/\/www.hotellebalze.it\/de\/wp-json\/wp\/v2\/users\/8"}],"replies":[{"embeddable":true,"href":"https:\/\/www.hotellebalze.it\/de\/wp-json\/wp\/v2\/comments?post=9421"}],"version-history":[{"count":11,"href":"https:\/\/www.hotellebalze.it\/de\/wp-json\/wp\/v2\/pages\/9421\/revisions"}],"predecessor-version":[{"id":14509,"href":"https:\/\/www.hotellebalze.it\/de\/wp-json\/wp\/v2\/pages\/9421\/revisions\/14509"}],"wp:featuredmedia":[{"embeddable":true,"href":"https:\/\/www.hotellebalze.it\/de\/wp-json\/wp\/v2\/media\/8943"}],"wp:attachment":[{"href":"https:\/\/www.hotellebalze.it\/de\/wp-json\/wp\/v2\/media?parent=9421"}],"curies":[{"name":"wp","href":"https:\/\/api.w.org\/{rel}","templated":true}]}}