{"id":14704,"date":"2026-02-27T15:54:15","date_gmt":"2026-02-27T14:54:15","guid":{"rendered":"https:\/\/www.hotellebalze.it\/?page_id=14704"},"modified":"2026-02-27T16:04:34","modified_gmt":"2026-02-27T15:04:34","slug":"familienhotels-am-gardasee","status":"publish","type":"page","link":"https:\/\/www.hotellebalze.it\/de\/familienhotels-am-gardasee\/","title":{"rendered":"Familienhotels am Gardasee"},"content":{"rendered":"<div  class=\"grids-section grids-is-advanced alignfull\" style=\"--_gs-gap-desktop:0px 0px;--_gs-m-desktop:0 0 0 0;--_gs-p-desktop:100px 0 100px 0;--_gs-bg-desktop:transparent url(https:\/\/www.hotellebalze.it\/wp-content\/uploads\/2026\/02\/Relax-nel-Paradiso-Panoramico-del-Lago.webp) no-repeat 50% 50%  \/ cover;--_gs-bg-xp-desktop:0px;--_gs-zi-desktop:auto;--_gs-d-desktop:block;--_gs-mw-desktop:calc(100% - 0 - 0);--_gs-gap-tablet:0px 0px;--_gs-m-tablet:0 0 0 0;--_gs-p-tablet:100px 0 100px 0;--_gs-bg-tablet:transparent url(https:\/\/www.hotellebalze.it\/wp-content\/uploads\/2026\/02\/Relax-nel-Paradiso-Panoramico-del-Lago.webp) no-repeat 50% 50%  \/ cover;--_gs-bg-xp-tablet:0px;--_gs-zi-tablet:auto;--_gs-d-tablet:block;--_gs-mw-tablet:calc(100% - 0 - 0);--_gs-gap-mobile:0px 0px;--_gs-m-mobile:0 0 0 0;--_gs-p-mobile:100px 0 100px 0;--_gs-bg-mobile:transparent url(https:\/\/www.hotellebalze.it\/wp-content\/uploads\/2026\/02\/Relax-nel-Paradiso-Panoramico-del-Lago.webp) no-repeat 50% 50%  \/ cover;--_gs-bg-xp-mobile:0px;--_gs-zi-mobile:auto;--_gs-d-mobile:block;--_gs-mw-mobile:calc(100% - 0 - 0);--_gs-columns:12;--_gs-rows:6\"><div class=\"grids-s-w_i\">\n<div class=\"grids-area\" style=\"--_ga-column:7\/12;--_ga-row:2\/3;--_ga-va:center;--_ga-m-desktop:0 0 0 0;--_ga-p-desktop:40px 40px 40px 40px;--_ga-bg-desktop:#ffffff none;--_ga-zi-desktop:auto;--_ga-d-desktop:flex;--_ga-mw-desktop:calc(100% - 0 - 0);--_ga-m-tablet:0 0 0 0;--_ga-p-tablet:40px 40px 40px 40px;--_ga-bg-tablet:#ffffff none;--_ga-zi-tablet:auto;--_ga-d-tablet:flex;--_ga-mw-tablet:calc(100% - 0 - 0);--_ga-m-mobile:0 30px 0 30px;--_ga-p-mobile:12px 12px 12px 12px;--_ga-bg-mobile:#ffffff none;--_ga-zi-mobile:auto;--_ga-d-mobile:flex;--_ga-mw-mobile:calc(100% - 30px - 30px)\">\n<div  class=\"grids-section grids-is-advanced\" style=\"--_gs-gap-desktop:0px 0px;--_gs-m-desktop:0 0 0 0;--_gs-p-desktop:0 0 0 0;--_gs-bg-desktop:transparent none;--_gs-bg-xp-desktop:0px;--_gs-zi-desktop:auto;--_gs-d-desktop:block;--_gs-mw-desktop:calc(100% - 0 - 0);--_gs-gap-tablet:0px 0px;--_gs-m-tablet:0 0 0 0;--_gs-p-tablet:0 0 0 0;--_gs-bg-tablet:transparent none;--_gs-bg-xp-tablet:0px;--_gs-zi-tablet:auto;--_gs-d-tablet:block;--_gs-mw-tablet:calc(100% - 0 - 0);--_gs-gap-mobile:0px 0px;--_gs-m-mobile:0 0 0 0;--_gs-p-mobile:20px 20px 20px 20px;--_gs-bg-mobile:transparent none;--_gs-bg-xp-mobile:0px;--_gs-zi-mobile:auto;--_gs-d-mobile:block;--_gs-mw-mobile:calc(100% - 0 - 0);--_gs-columns:12;--_gs-rows:6\"><div class=\"grids-s-w_i\">\n<div class=\"grids-area\" style=\"--_ga-column:1\/13;--_ga-row:1\/2;--_ga-m-desktop:0 0 0 0;--_ga-p-desktop:0 0 0 0;--_ga-bg-desktop:transparent none;--_ga-zi-desktop:auto;--_ga-d-desktop:flex;--_ga-mw-desktop:calc(100% - 0 - 0);--_ga-m-tablet:0 0 0 0;--_ga-p-tablet:0 0 0 0;--_ga-bg-tablet:transparent none;--_ga-zi-tablet:auto;--_ga-d-tablet:flex;--_ga-mw-tablet:calc(100% - 0 - 0);--_ga-m-mobile:0 0 0 0;--_ga-p-mobile:0 0 0 0;--_ga-bg-mobile:transparent none;--_ga-zi-mobile:auto;--_ga-d-mobile:flex;--_ga-mw-mobile:calc(100% - 0 - 0)\">\n\n<h1 class=\"wp-block-heading has-text-align-left\"><strong><strong><b>Familienfreundliches Hotel mit Seeblick am Gardasee<\/b><\/strong><\/strong><\/h1>\n\n\n\n<p>Entdecken Sie unser <b>ideales Hotel f\u00fcr die ganze Familie<\/b> in der malerischen Kulisse des Gardasees, perfekt f\u00fcr Ihren Traumurlaub.<\/p>\n\n\n\n<div class=\"wp-block-buttons reviews-button-home is-layout-flex wp-block-buttons-is-layout-flex\">\n<div class=\"wp-block-button has-custom-width wp-block-button__width-50\"><a class=\"wp-block-button__link wp-element-button\" href=\"#erfahren-sie-mehr\">ERFAHREN SIE MEHR<\/a><\/div>\n\n\n\n<div class=\"wp-block-button has-custom-width wp-block-button__width-50\"><a class=\"wp-block-button__link wp-element-button\" href=\"https:\/\/www.simplebooking.it\/ibe2\/hotel\/5384?lang=DE&amp;cur=EUR\">VERF\u00dcGBARKEIT PR\u00dcFEN<\/a><\/div>\n<\/div>\n\n<\/div>\n<\/div><\/div>\n<\/div>\n<\/div><\/div>\n\n<div  class=\"grids-section welcome-row grids-is-advanced alignwide\" style=\"--_gs-gap-desktop:0px 0px;--_gs-m-desktop:0 0 0 0;--_gs-p-desktop:0 0 0 0;--_gs-bg-desktop:transparent none;--_gs-bg-xp-desktop:0px;--_gs-zi-desktop:auto;--_gs-d-desktop:block;--_gs-mw-desktop:calc(100% - 0 - 0);--_gs-gap-tablet:0px 0px;--_gs-m-tablet:0 0 0 0;--_gs-p-tablet:0 0 0 0;--_gs-bg-tablet:transparent none;--_gs-bg-xp-tablet:0px;--_gs-zi-tablet:auto;--_gs-d-tablet:block;--_gs-mw-tablet:calc(100% - 0 - 0);--_gs-gap-mobile:0px 0px;--_gs-m-mobile:0 0 0 0;--_gs-p-mobile:0 0 0 0;--_gs-bg-mobile:transparent none;--_gs-bg-xp-mobile:0px;--_gs-zi-mobile:auto;--_gs-d-mobile:block;--_gs-mw-mobile:calc(100% - 0 - 0);--_gs-columns:12;--_gs-rows:6\"><div class=\"grids-s-w_i\">\n<div class=\"grids-area\" style=\"--_ga-column:1\/13;--_ga-row:1\/7;--_ga-m-desktop:0 0 0 0;--_ga-p-desktop:0 0 0 0;--_ga-bg-desktop:transparent none;--_ga-zi-desktop:auto;--_ga-d-desktop:flex;--_ga-mw-desktop:calc(100% - 0 - 0);--_ga-m-tablet:0 0 0 0;--_ga-p-tablet:0 0 0 0;--_ga-bg-tablet:transparent none;--_ga-zi-tablet:auto;--_ga-d-tablet:flex;--_ga-mw-tablet:calc(100% - 0 - 0);--_ga-m-mobile:0 0 0 0;--_ga-p-mobile:0 0 0 0;--_ga-bg-mobile:transparent none;--_ga-zi-mobile:auto;--_ga-d-mobile:flex;--_ga-mw-mobile:calc(100% - 0 - 0)\">\n\n<h2 class=\"wp-block-heading has-text-align-center\" id=\"erfahren-sie-mehr\"><b>Unvergessliche Erlebnisse f\u00fcr die ganze Familie am Gardasee<\/b><\/h2>\n\n\n\n<p class=\"has-text-align-center sub-title\">Genie\u00dfen Sie ma\u00dfgeschneiderte Aktivit\u00e4ten und erstklassige Annehmlichkeiten, die Ihren Aufenthalt am <b>sch\u00f6nen Gardasee<\/b> unvergesslich machen.<\/p>\n\n\n\n<div style=\"height:2px\" aria-hidden=\"true\" class=\"wp-block-spacer\"><\/div>\n\n<\/div>\n<\/div><\/div>\n\n<div  class=\"grids-section four-images-row grids-is-advanced alignwide\" style=\"--_gs-gap-desktop:0px 0px;--_gs-m-desktop:0px 0 0px 0;--_gs-p-desktop:0 0 0 0;--_gs-bg-desktop:transparent none;--_gs-bg-xp-desktop:0px;--_gs-zi-desktop:1;--_gs-d-desktop:block;--_gs-mw-desktop:calc(100% - 0 - 0);--_gs-gap-tablet:0px 0px;--_gs-m-tablet:0px 0 0px 0;--_gs-p-tablet:0 0 0 0;--_gs-bg-tablet:transparent none;--_gs-bg-xp-tablet:0px;--_gs-zi-tablet:1;--_gs-d-tablet:block;--_gs-mw-tablet:calc(100% - 0 - 0);--_gs-gap-mobile:0px 0px;--_gs-m-mobile:0px 0 0px 0;--_gs-p-mobile:0 0 0 0;--_gs-bg-mobile:#ffffff none;--_gs-bg-xp-mobile:0px;--_gs-zi-mobile:1;--_gs-d-mobile:block;--_gs-mw-mobile:calc(100% - 0 - 0);--_gs-columns:12;--_gs-rows:6\"><div class=\"grids-s-w_i\">\n<div class=\"grids-area\" style=\"--_ga-column:1\/8;--_ga-row:1\/7;--_ga-m-desktop:0 15px 0 0;--_ga-p-desktop:0 60px 0 0;--_ga-bg-desktop:transparent none;--_ga-zi-desktop:auto;--_ga-d-desktop:flex;--_ga-mw-desktop:calc(100% - 0 - 15px);--_ga-m-tablet:0 15px 0 0;--_ga-p-tablet:20px 20px 20px 20px;--_ga-bg-tablet:transparent none;--_ga-zi-tablet:auto;--_ga-d-tablet:flex;--_ga-mw-tablet:calc(100% - 0 - 15px);--_ga-m-mobile:0 15px 0 0;--_ga-p-mobile:20px 20px 20px 20px;--_ga-bg-mobile:transparent none;--_ga-zi-mobile:auto;--_ga-d-mobile:flex;--_ga-mw-mobile:calc(100% - 0 - 15px)\">\n\n<h3 class=\"wp-block-heading alignfull has-text-align-left\"><strong><b>Aktivit\u00e4ten und Angebote f\u00fcr Ihren Aufenthalt am Gardasee<\/b><\/strong><\/h3>\n\n\n\n<p>Familien verbringen gerne unvergessliche Momente in einer Umgebung, die Abenteuer und Entspannung vereint. Hier kommen Eltern und Kinder gleicherma\u00dfen auf ihre Kosten, w\u00e4hrend sie gemeinsam die Sch\u00f6nheit und Vielfalt der Natur entdecken.<br><br>In unserem Hotel bieten wir das perfekte Ambiente f\u00fcr solch eine Erfahrung. Erleben Sie die herzliche Gastfreundschaft und zahlreiche Aktivit\u00e4ten, die speziell f\u00fcr kleine G\u00e4ste und ihre Familien geschaffen wurden, ideal f\u00fcr Ihren Aufenthalt in unseren FAMILIENHOTELS AM GARDASEE.<\/p>\n\n\n\n\n\n\n\n<div class=\"wp-block-buttons is-layout-flex wp-block-buttons-is-layout-flex\">\n<div class=\"wp-block-button\"><a class=\"wp-block-button__link wp-element-button\" href=\"https:\/\/www.simplebooking.it\/ibe2\/hotel\/5384?lang=DE&amp;cur=EUR\">VERF\u00dcGBARKEIT PR\u00dcFEN<\/a><\/div>\n<\/div>\n\n<\/div>\n\n<div class=\"grids-area div-y-stretched\" style=\"--_ga-column:10\/13;--_ga-row:1\/4;--_ga-va:flex-end;--_ga-m-desktop:0 0 0 0;--_ga-p-desktop:0 0 0 0;--_ga-bg-desktop:transparent none;--_ga-zi-desktop:auto;--_ga-d-desktop:flex;--_ga-mw-desktop:calc(100% - 0 - 0);--_ga-m-tablet:0 0 0 0;--_ga-p-tablet:0 0 0 0;--_ga-bg-tablet:transparent none;--_ga-zi-tablet:auto;--_ga-d-tablet:flex;--_ga-mw-tablet:calc(100% - 0 - 0);--_ga-m-mobile:0 0 0 0;--_ga-p-mobile:0 0 0 0;--_ga-bg-mobile:transparent none;--_ga-zi-mobile:auto;--_ga-d-mobile:flex;--_ga-mw-mobile:calc(100% - 0 - 0)\">\n\n<figure class=\"wp-block-image size-full full-width\"><img loading=\"lazy\" decoding=\"async\" width=\"1600\" height=\"900\" src=\"https:\/\/www.hotellebalze.it\/wp-content\/uploads\/2024\/03\/f-4.jpg\" alt=\"\" class=\"wp-image-11230\" srcset=\"https:\/\/www.hotellebalze.it\/wp-content\/uploads\/2024\/03\/f-4.jpg 1600w, https:\/\/www.hotellebalze.it\/wp-content\/uploads\/2024\/03\/f-4-300x169.jpg 300w, https:\/\/www.hotellebalze.it\/wp-content\/uploads\/2024\/03\/f-4-1024x576.jpg 1024w, https:\/\/www.hotellebalze.it\/wp-content\/uploads\/2024\/03\/f-4-768x432.jpg 768w, https:\/\/www.hotellebalze.it\/wp-content\/uploads\/2024\/03\/f-4-1536x864.jpg 1536w, https:\/\/www.hotellebalze.it\/wp-content\/uploads\/2024\/03\/f-4-1200x675.jpg 1200w\" sizes=\"auto, (max-width: 1600px) 100vw, 1600px\" \/><\/figure>\n\n<\/div>\n\n<div class=\"grids-area div-x-stretched\" style=\"--_ga-column:8\/10;--_ga-row:2\/4;--_ga-va:flex-end;--_ga-m-desktop:0 0 0 0;--_ga-p-desktop:0 0 0 0;--_ga-bg-desktop:transparent none;--_ga-zi-desktop:auto;--_ga-d-desktop:flex;--_ga-mw-desktop:calc(100% - 0 - 0);--_ga-m-tablet:0 0 0 0;--_ga-p-tablet:0 0 0 0;--_ga-bg-tablet:transparent none;--_ga-zi-tablet:auto;--_ga-d-tablet:flex;--_ga-mw-tablet:calc(100% - 0 - 0);--_ga-m-mobile:0 0 0 0;--_ga-p-mobile:0 0 0 0;--_ga-bg-mobile:transparent none;--_ga-zi-mobile:auto;--_ga-d-mobile:flex;--_ga-mw-mobile:calc(100% - 0 - 0)\">\n\n<figure class=\"wp-block-image size-large full-width\"><img loading=\"lazy\" decoding=\"async\" width=\"1024\" height=\"768\" src=\"https:\/\/www.hotellebalze.it\/wp-content\/uploads\/2024\/05\/bestone_bicigrill14-1-1024x768.jpg\" alt=\"\" class=\"wp-image-11363\" srcset=\"https:\/\/www.hotellebalze.it\/wp-content\/uploads\/2024\/05\/bestone_bicigrill14-1-1024x768.jpg 1024w, https:\/\/www.hotellebalze.it\/wp-content\/uploads\/2024\/05\/bestone_bicigrill14-1-300x225.jpg 300w, https:\/\/www.hotellebalze.it\/wp-content\/uploads\/2024\/05\/bestone_bicigrill14-1-768x576.jpg 768w, https:\/\/www.hotellebalze.it\/wp-content\/uploads\/2024\/05\/bestone_bicigrill14-1-1536x1152.jpg 1536w, https:\/\/www.hotellebalze.it\/wp-content\/uploads\/2024\/05\/bestone_bicigrill14-1-1200x900.jpg 1200w, https:\/\/www.hotellebalze.it\/wp-content\/uploads\/2024\/05\/bestone_bicigrill14-1.jpg 1600w\" sizes=\"auto, (max-width: 1024px) 100vw, 1024px\" \/><\/figure>\n\n<\/div>\n\n<div class=\"grids-area div-y-stretched\" style=\"--_ga-column:8\/11;--_ga-row:4\/7;--_ga-m-desktop:0 0 0 0;--_ga-p-desktop:0 0 0 0;--_ga-bg-desktop:transparent none;--_ga-zi-desktop:auto;--_ga-d-desktop:flex;--_ga-mw-desktop:calc(100% - 0 - 0);--_ga-m-tablet:0 0 0 0;--_ga-p-tablet:0 0 0 0;--_ga-bg-tablet:transparent none;--_ga-zi-tablet:auto;--_ga-d-tablet:flex;--_ga-mw-tablet:calc(100% - 0 - 0);--_ga-m-mobile:0 0 0 0;--_ga-p-mobile:0 0 0 0;--_ga-bg-mobile:transparent none;--_ga-zi-mobile:auto;--_ga-d-mobile:flex;--_ga-mw-mobile:calc(100% - 0 - 0)\">\n\n<figure class=\"wp-block-image size-full full-width\"><img loading=\"lazy\" decoding=\"async\" width=\"1600\" height=\"900\" src=\"https:\/\/www.hotellebalze.it\/wp-content\/uploads\/2024\/05\/famiglia-tremosine.jpg\" alt=\"\" class=\"wp-image-11263\" style=\"object-fit:cover\" srcset=\"https:\/\/www.hotellebalze.it\/wp-content\/uploads\/2024\/05\/famiglia-tremosine.jpg 1600w, https:\/\/www.hotellebalze.it\/wp-content\/uploads\/2024\/05\/famiglia-tremosine-300x169.jpg 300w, https:\/\/www.hotellebalze.it\/wp-content\/uploads\/2024\/05\/famiglia-tremosine-1024x576.jpg 1024w, https:\/\/www.hotellebalze.it\/wp-content\/uploads\/2024\/05\/famiglia-tremosine-768x432.jpg 768w, https:\/\/www.hotellebalze.it\/wp-content\/uploads\/2024\/05\/famiglia-tremosine-1536x864.jpg 1536w, https:\/\/www.hotellebalze.it\/wp-content\/uploads\/2024\/05\/famiglia-tremosine-1200x675.jpg 1200w\" sizes=\"auto, (max-width: 1600px) 100vw, 1600px\" \/><\/figure>\n\n<\/div>\n\n<div class=\"grids-area div-x-stretched\" style=\"--_ga-column:11\/13;--_ga-row:4\/6;--_ga-m-desktop:0 0 0 0;--_ga-p-desktop:0 0 0 0;--_ga-bg-desktop:transparent none;--_ga-zi-desktop:auto;--_ga-d-desktop:flex;--_ga-mw-desktop:calc(100% - 0 - 0);--_ga-m-tablet:0 0 0 0;--_ga-p-tablet:0 0 0 0;--_ga-bg-tablet:transparent none;--_ga-zi-tablet:auto;--_ga-d-tablet:flex;--_ga-mw-tablet:calc(100% - 0 - 0);--_ga-m-mobile:0 0 0 0;--_ga-p-mobile:0 0 0 0;--_ga-bg-mobile:transparent none;--_ga-zi-mobile:auto;--_ga-d-mobile:flex;--_ga-mw-mobile:calc(100% - 0 - 0)\">\n\n<figure class=\"wp-block-image size-large full-width\"><img loading=\"lazy\" decoding=\"async\" width=\"1024\" height=\"683\" src=\"https:\/\/www.hotellebalze.it\/wp-content\/uploads\/2026\/02\/Escursionisti-su-un-sentiero-panoramico-a-Tremosine-sul-Garda-1024x683.jpg\" alt=\"\" class=\"wp-image-13955\" srcset=\"https:\/\/www.hotellebalze.it\/wp-content\/uploads\/2026\/02\/Escursionisti-su-un-sentiero-panoramico-a-Tremosine-sul-Garda-1024x683.jpg 1024w, https:\/\/www.hotellebalze.it\/wp-content\/uploads\/2026\/02\/Escursionisti-su-un-sentiero-panoramico-a-Tremosine-sul-Garda-300x200.jpg 300w, https:\/\/www.hotellebalze.it\/wp-content\/uploads\/2026\/02\/Escursionisti-su-un-sentiero-panoramico-a-Tremosine-sul-Garda-768x512.jpg 768w, https:\/\/www.hotellebalze.it\/wp-content\/uploads\/2026\/02\/Escursionisti-su-un-sentiero-panoramico-a-Tremosine-sul-Garda-1536x1024.jpg 1536w, https:\/\/www.hotellebalze.it\/wp-content\/uploads\/2026\/02\/Escursionisti-su-un-sentiero-panoramico-a-Tremosine-sul-Garda-1200x800.jpg 1200w, https:\/\/www.hotellebalze.it\/wp-content\/uploads\/2026\/02\/Escursionisti-su-un-sentiero-panoramico-a-Tremosine-sul-Garda.jpg 1620w\" sizes=\"auto, (max-width: 1024px) 100vw, 1024px\" \/><\/figure>\n\n<\/div>\n<\/div><\/div>\n\n<div  class=\"grids-section grids-is-advanced alignfull\" style=\"--_gs-gap-desktop:0px 0px;--_gs-m-desktop:0 0 -60px 0;--_gs-p-desktop:100px 0 100px 0;--_gs-bg-desktop:transparent url(https:\/\/www.hotellebalze.it\/wp-content\/uploads\/2024\/04\/Campo-da-minigolf.webp) no-repeat 50% 50%  \/ cover;--_gs-bg-xp-desktop:0px;--_gs-zi-desktop:auto;--_gs-d-desktop:block;--_gs-mw-desktop:calc(100% - 0 - 0);--_gs-gap-tablet:0px 0px;--_gs-m-tablet:0 0 -60px 0;--_gs-p-tablet:100px 0 100px 0;--_gs-bg-tablet:transparent url(https:\/\/www.hotellebalze.it\/wp-content\/uploads\/2024\/04\/Campo-da-minigolf.webp) no-repeat 50% 50%  \/ cover;--_gs-bg-xp-tablet:0px;--_gs-zi-tablet:auto;--_gs-d-tablet:block;--_gs-mw-tablet:calc(100% - 0 - 0);--_gs-gap-mobile:0px 0px;--_gs-m-mobile:0 0 -60px 0;--_gs-p-mobile:100px 0 100px 0;--_gs-bg-mobile:transparent url(https:\/\/www.hotellebalze.it\/wp-content\/uploads\/2024\/04\/Campo-da-minigolf.webp) no-repeat 50% 50%  \/ cover;--_gs-bg-xp-mobile:0px;--_gs-zi-mobile:auto;--_gs-d-mobile:block;--_gs-mw-mobile:calc(100% - 0 - 0);--_gs-columns:12;--_gs-rows:6\"><div class=\"grids-s-w_i\">\n<div class=\"grids-area\" style=\"--_ga-column:7\/12;--_ga-row:2\/3;--_ga-va:center;--_ga-m-desktop:0 0 0 0;--_ga-p-desktop:0 40px 40px 40px;--_ga-bg-desktop:#ffffff none;--_ga-zi-desktop:auto;--_ga-d-desktop:flex;--_ga-mw-desktop:calc(100% - 0 - 0);--_ga-m-tablet:0 0 0 0;--_ga-p-tablet:40px 40px 40px 40px;--_ga-bg-tablet:#ffffff none;--_ga-zi-tablet:auto;--_ga-d-tablet:flex;--_ga-mw-tablet:calc(100% - 0 - 0);--_ga-m-mobile:0 30px 0 30px;--_ga-p-mobile:12px 12px 12px 12px;--_ga-bg-mobile:#ffffff none;--_ga-zi-mobile:auto;--_ga-d-mobile:flex;--_ga-mw-mobile:calc(100% - 30px - 30px)\">\n<div  class=\"grids-section grids-is-advanced\" style=\"--_gs-gap-desktop:0px 0px;--_gs-m-desktop:0 0 0 0;--_gs-p-desktop:0 0 0 0;--_gs-bg-desktop:transparent none;--_gs-bg-xp-desktop:0px;--_gs-zi-desktop:auto;--_gs-d-desktop:block;--_gs-mw-desktop:calc(100% - 0 - 0);--_gs-gap-tablet:0px 0px;--_gs-m-tablet:0 0 0 0;--_gs-p-tablet:0 0 0 0;--_gs-bg-tablet:transparent none;--_gs-bg-xp-tablet:0px;--_gs-zi-tablet:auto;--_gs-d-tablet:block;--_gs-mw-tablet:calc(100% - 0 - 0);--_gs-gap-mobile:0px 0px;--_gs-m-mobile:0 0 0 0;--_gs-p-mobile:20px 20px 20px 20px;--_gs-bg-mobile:transparent none;--_gs-bg-xp-mobile:0px;--_gs-zi-mobile:auto;--_gs-d-mobile:block;--_gs-mw-mobile:calc(100% - 0 - 0);--_gs-columns:12;--_gs-rows:6\"><div class=\"grids-s-w_i\">\n<div class=\"grids-area\" style=\"--_ga-column:1\/13;--_ga-row:1\/2;--_ga-m-desktop:0 0 0 0;--_ga-p-desktop:0 0 0 0;--_ga-bg-desktop:transparent none;--_ga-zi-desktop:auto;--_ga-d-desktop:flex;--_ga-mw-desktop:calc(100% - 0 - 0);--_ga-m-tablet:0 0 0 0;--_ga-p-tablet:0 0 0 0;--_ga-bg-tablet:transparent none;--_ga-zi-tablet:auto;--_ga-d-tablet:flex;--_ga-mw-tablet:calc(100% - 0 - 0);--_ga-m-mobile:0 0 0 0;--_ga-p-mobile:0 0 0 0;--_ga-bg-mobile:transparent none;--_ga-zi-mobile:auto;--_ga-d-mobile:flex;--_ga-mw-mobile:calc(100% - 0 - 0)\">\n\n<h3 class=\"wp-block-heading has-text-align-left\"><strong><strong><b>Familienfreundliche Leistungen f\u00fcr Ihren Aufenthalt<\/b><\/strong><\/strong><\/h3>\n\n\n\n<p>Unser Hotel bietet eine Vielzahl an Annehmlichkeiten f\u00fcr Familien, darunter sichere Spielbereiche und abwechslungsreiche Freizeitm\u00f6glichkeiten, die ideal f\u00fcr einen Aufenthalt in den FAMILIENHOTELS AM GARDASEE sind.<\/p>\n\n\n\n<div class=\"wp-block-buttons is-layout-flex wp-block-buttons-is-layout-flex\">\n<div class=\"wp-block-button\"><a class=\"wp-block-button__link wp-element-button\" href=\"https:\/\/www.simplebooking.it\/ibe2\/hotel\/5384?lang=DE&amp;cur=EUR\">VERF\u00dcGBARKEIT PR\u00dcFEN<\/a><\/div>\n<\/div>\n\n<\/div>\n<\/div><\/div>\n<\/div>\n<\/div><\/div>\n\n<div  class=\"grids-section rooms-row grids-is-advanced alignfull\" style=\"--_gs-gap-desktop:0px 0px;--_gs-m-desktop:0 0 0 0;--_gs-p-desktop:60px 0 0 0;--_gs-bg-desktop:transparent none;--_gs-bg-xp-desktop:0px;--_gs-zi-desktop:auto;--_gs-d-desktop:block;--_gs-mw-desktop:calc(100% - 0 - 0);--_gs-gap-tablet:0px 0px;--_gs-m-tablet:0 0 0 0;--_gs-p-tablet:60px 0 0 0;--_gs-bg-tablet:transparent none;--_gs-bg-xp-tablet:0px;--_gs-zi-tablet:auto;--_gs-d-tablet:block;--_gs-mw-tablet:calc(100% - 0 - 0);--_gs-gap-mobile:0px 0px;--_gs-m-mobile:0 0 0 0;--_gs-p-mobile:50px 20px 0 20px;--_gs-bg-mobile:transparent none;--_gs-bg-xp-mobile:0px;--_gs-zi-mobile:auto;--_gs-d-mobile:block;--_gs-mw-mobile:calc(100% - 0 - 0);--_gs-columns:12;--_gs-rows:6\"><div class=\"grids-s-w_i\">\n<div class=\"grids-area\" style=\"--_ga-column:2\/12;--_ga-row:1\/7;--_ga-m-desktop:0 0 0 0;--_ga-p-desktop:0 0 0 0;--_ga-bg-desktop:transparent none;--_ga-zi-desktop:auto;--_ga-d-desktop:flex;--_ga-mw-desktop:calc(100% - 0 - 0);--_ga-m-tablet:0 0 0 0;--_ga-p-tablet:0 0 0 0;--_ga-bg-tablet:transparent none;--_ga-zi-tablet:auto;--_ga-d-tablet:flex;--_ga-mw-tablet:calc(100% - 0 - 0);--_ga-m-mobile:0 0 0 0;--_ga-p-mobile:0 0 0 0;--_ga-bg-mobile:transparent none;--_ga-zi-mobile:auto;--_ga-d-mobile:flex;--_ga-mw-mobile:calc(100% - 0 - 0)\">\n\n<h2 class=\"wp-block-heading\">Zimmer mit Balkon und Seeblick<\/h2>\n\n\n\n<p>Die 86 Zimmer des Hotels geh\u00f6ren zu unterschiedlichen Kategorien, vom Standard-Doppelzimmer bis hin zum ger\u00e4umigen Family-Zimmer. Komfortabel und ruhig, sind sie alle mit Balkon ausgestattet und bieten zum Gro\u00dfteil einen herrlichen Blick auf den See.<br>Wir haben alle Zimmer renoviert, um unseren G\u00e4ste ein noch angenehmeres Erlebnis zu bieten!<\/p>\n\n\n\n<div class=\"wp-block-buttons is-layout-flex wp-block-buttons-is-layout-flex\">\n<div class=\"wp-block-button\"><a class=\"wp-block-button__link wp-element-button\" href=\"https:\/\/www.hotellebalze.it\/de\/insere-zimmer\/\">DIE ZIMMER ENTDECKEN<\/a><\/div>\n<\/div>\n\n\n\n<div class=\"rooms-list-container\">\n\t\t\t\t\t<div class=\"rooms-list-container-single \" onclick=\"location.href='https:\/\/www.hotellebalze.it\/de\/zimmer\/superior-seeblick-mit-garten\/'\">\n\t\t\t\t\t\t\t\t\t<span class=\"rooms-list-container-single-message label\">\n\t\t\t\t\t\tmit Garten\t\t\t\t\t<\/span>\n\t\t\t\t\t\t\t\t\n\t\t\t\t<div class=\"rooms-list-container-single-img\">\n\t\t\t\t\t<figure class=\"full-width\">\n\t\t\t\t\t\t<img decoding=\"async\" src=\"https:\/\/www.hotellebalze.it\/wp-content\/uploads\/2024\/03\/Camera-da-letto-con-giardino-1.webp\" \/>\n\t\t\t\t\t<\/figure>\n\n\t\t\t\t\t\t\t\t\t\t\t<div class=\"rooms-list-container-single-price\">\n\t\t\t\t\t\t\tSchon ab\t\t\t\t\t\t\t<span class=\"price\" data-roomid=\"57382\" data-roomoccupancy=\"2\" data-roomprice=\"180 \u20ac\">\n\t\t\t\t\t\t\t\t<i class=\"fas fa-spinner fa-pulse\"><\/i>\n\t\t\t\t\t\t\t<\/span>\n\t\t\t\t\t\t<\/div>\n\t\t\t\t\t\t\t\t\t<\/div>\n\t\t\t\t\n\t\t\t\t<h3>Superior Seeblick mit Garten<\/h3>\n\t\t\t\t\n\t\t\t\t<div class=\"rooms-list-container-single-sizes\">\n\t\t\t\t\t\t\n\t\t\t\t\t\t<span>\n\t\t\t\t\t\t\t20-30 m<sup>2<\/sup>\t\t\t\t\t\t<\/span>\n\t\t\t\t\t\t\t\t\t\t\t\n\t\t\t\t\t\t<span>\n\t\t\t\t\t\t\t2 - 3-Gast\t\t\t\t\t\t<\/span>\n\t\t\t\t\t\t\t\t\t<\/div>\n\t\t\t\t\n\t\t\t\t<div class=\"rooms-list-container-single-short-description show-three-dots\">\n\t\t\t\t\t<p>Doppelzimmer mit Seeblick, Garten mit Liegest\u00fchlen und Sonnenschirm.<\/p>\n\t\t\t\t<\/div>\n\n\t\t\t\t\t\t\t\t\t<div class=\"rooms-list-container-single-features\">\n\t\t\t\t\t\t\t\t\t\t\t\t\t\t\t\t\t\t\t\t\t<span class=\"evidence\">\n\t\t\t\t\t\t\t\t\t<span class=\"material-symbols-outlined\">park<\/span>\n\t\t\t\t\t\t\t\t\tGarten und Seeblick\t\t\t\t\t\t\t\t<\/span>\n\t\t\t\t\t\t\t\t\t\t\t\t\t\t\t<span class=\"\">\n\t\t\t\t\t\t\t\t\t<span class=\"material-symbols-outlined\">ac_unit<\/span>\n\t\t\t\t\t\t\t\t\tKlimaanlage\t\t\t\t\t\t\t\t<\/span>\n\t\t\t\t\t\t\t\t\t\t\t\t\t\t\t<span class=\"\">\n\t\t\t\t\t\t\t\t\t<span class=\"material-symbols-outlined\">styler<\/span>\n\t\t\t\t\t\t\t\t\tBadetuch\t\t\t\t\t\t\t\t<\/span>\n\t\t\t\t\t\t\t\t\t\t\t\t\t\t\t<span class=\"\">\n\t\t\t\t\t\t\t\t\t<span class=\"material-symbols-outlined\">spa<\/span>\n\t\t\t\t\t\t\t\t\tWellness einstellen\t\t\t\t\t\t\t\t<\/span>\n\t\t\t\t\t\t\t\t\t\t\t\t\t\n\t\t\t\t\t\t\t\t\t\t\t<\/div>\t\n\t\t\t\t\n\t\t\t\t<a href=\"https:\/\/www.hotellebalze.it\/de\/zimmer\/superior-seeblick-mit-garten\/\" class=\"btn rooms-list-container-single-btn\">Das Zimmer Entdecken<\/a>\n\t\t\t<\/div>\n\t\t\t\t\t\t<div class=\"rooms-list-container-single \" onclick=\"location.href='https:\/\/www.hotellebalze.it\/de\/zimmer\/de-luxe-seeblick-mit-garten\/'\">\n\t\t\t\t\t\t\t\t\t<span class=\"rooms-list-container-single-message label\">\n\t\t\t\t\t\tTop Zimmer\t\t\t\t\t<\/span>\n\t\t\t\t\t\t\t\t\n\t\t\t\t<div class=\"rooms-list-container-single-img\">\n\t\t\t\t\t<figure class=\"full-width\">\n\t\t\t\t\t\t<img decoding=\"async\" src=\"https:\/\/www.hotellebalze.it\/wp-content\/uploads\/2024\/03\/deluxe.jpg\" \/>\n\t\t\t\t\t<\/figure>\n\n\t\t\t\t\t\t\t\t\t\t\t<div class=\"rooms-list-container-single-price\">\n\t\t\t\t\t\t\tSchon ab\t\t\t\t\t\t\t<span class=\"price\" data-roomid=\"58348\" data-roomoccupancy=\"2\" data-roomprice=\"200 \u20ac\">\n\t\t\t\t\t\t\t\t<i class=\"fas fa-spinner fa-pulse\"><\/i>\n\t\t\t\t\t\t\t<\/span>\n\t\t\t\t\t\t<\/div>\n\t\t\t\t\t\t\t\t\t<\/div>\n\t\t\t\t\n\t\t\t\t<h3>De Luxe Seeblick mit Garten<\/h3>\n\t\t\t\t\n\t\t\t\t<div class=\"rooms-list-container-single-sizes\">\n\t\t\t\t\t\t\n\t\t\t\t\t\t<span>\n\t\t\t\t\t\t\t29 m<sup>2<\/sup>\t\t\t\t\t\t<\/span>\n\t\t\t\t\t\t\t\t\t\t\t\n\t\t\t\t\t\t<span>\n\t\t\t\t\t\t\t2 - 4-Gast\t\t\t\t\t\t<\/span>\n\t\t\t\t\t\t\t\t\t<\/div>\n\t\t\t\t\n\t\t\t\t<div class=\"rooms-list-container-single-short-description show-three-dots\">\n\t\t\t\t\t<p>Refugium mit Seeblick f\u00fcr magische Wohlf\u00fchlmomente.<\/p>\n\t\t\t\t<\/div>\n\n\t\t\t\t\t\t\t\t\t<div class=\"rooms-list-container-single-features\">\n\t\t\t\t\t\t\t\t\t\t\t\t\t\t\t\t\t\t\t\t\t<span class=\"\">\n\t\t\t\t\t\t\t\t\t<span class=\"material-symbols-outlined\">park<\/span>\n\t\t\t\t\t\t\t\t\tGarten mit Seeblick\t\t\t\t\t\t\t\t<\/span>\n\t\t\t\t\t\t\t\t\t\t\t\t\t\t\t<span class=\"\">\n\t\t\t\t\t\t\t\t\t<span class=\"material-symbols-outlined\">ac_unit<\/span>\n\t\t\t\t\t\t\t\t\tKlimaanlage\t\t\t\t\t\t\t\t<\/span>\n\t\t\t\t\t\t\t\t\t\t\t\t\t\t\t<span class=\"evidence\">\n\t\t\t\t\t\t\t\t\t<span class=\"material-symbols-outlined\">liquor<\/span>\n\t\t\t\t\t\t\t\t\t1 Flasche Sekt bei der Anreise\t\t\t\t\t\t\t\t<\/span>\n\t\t\t\t\t\t\t\t\t\t\t\t\t\t\t<span class=\"evidence\">\n\t\t\t\t\t\t\t\t\t<span class=\"material-symbols-outlined\">nutrition<\/span>\n\t\t\t\t\t\t\t\t\tKorb mit frischem Obst auf dem Zimmer\t\t\t\t\t\t\t\t<\/span>\n\t\t\t\t\t\t\t\t\t\t\t\t\t\n\t\t\t\t\t\t\t\t\t\t\t<\/div>\t\n\t\t\t\t\n\t\t\t\t<a href=\"https:\/\/www.hotellebalze.it\/de\/zimmer\/de-luxe-seeblick-mit-garten\/\" class=\"btn rooms-list-container-single-btn\">Das Zimmer Entdecken<\/a>\n\t\t\t<\/div>\n\t\t\t\t\t\t<div class=\"rooms-list-container-single \" onclick=\"location.href='https:\/\/www.hotellebalze.it\/de\/zimmer\/klassischer-seeblick-mit-balkon\/'\">\n\t\t\t\t\t\t\t\t\t<span class=\"rooms-list-container-single-message label\">\n\t\t\t\t\t\tSeeblick\t\t\t\t\t<\/span>\n\t\t\t\t\t\t\t\t\n\t\t\t\t<div class=\"rooms-list-container-single-img\">\n\t\t\t\t\t<figure class=\"full-width\">\n\t\t\t\t\t\t<img decoding=\"async\" src=\"https:\/\/www.hotellebalze.it\/wp-content\/uploads\/2024\/03\/Camera-dalbergo-con-vista-mare-1.webp\" \/>\n\t\t\t\t\t<\/figure>\n\n\t\t\t\t\t\t\t\t\t\t\t<div class=\"rooms-list-container-single-price\">\n\t\t\t\t\t\t\tSchon ab\t\t\t\t\t\t\t<span class=\"price\" data-roomid=\"57381\" data-roomoccupancy=\"2\" data-roomprice=\"165 \u20ac\">\n\t\t\t\t\t\t\t\t<i class=\"fas fa-spinner fa-pulse\"><\/i>\n\t\t\t\t\t\t\t<\/span>\n\t\t\t\t\t\t<\/div>\n\t\t\t\t\t\t\t\t\t<\/div>\n\t\t\t\t\n\t\t\t\t<h3>Classic Seeblick mit Balkon<\/h3>\n\t\t\t\t\n\t\t\t\t<div class=\"rooms-list-container-single-sizes\">\n\t\t\t\t\t\t\n\t\t\t\t\t\t<span>\n\t\t\t\t\t\t\t17-19 m<sup>2<\/sup>\t\t\t\t\t\t<\/span>\n\t\t\t\t\t\t\t\t\t\t\t\n\t\t\t\t\t\t<span>\n\t\t\t\t\t\t\t1 - 4-Gast\t\t\t\t\t\t<\/span>\n\t\t\t\t\t\t\t\t\t<\/div>\n\t\t\t\t\n\t\t\t\t<div class=\"rooms-list-container-single-short-description show-three-dots\">\n\t\t\t\t\t<p>Das Classic-Zimmer bietet Platz und Charme, mit Balkon und atemberaubendem Seeblick.<\/p>\n\t\t\t\t<\/div>\n\n\t\t\t\t\t\t\t\t\t<div class=\"rooms-list-container-single-features\">\n\t\t\t\t\t\t\t\t\t\t\t\t\t\t\t\t\t\t\t\t\t<span class=\"evidence\">\n\t\t\t\t\t\t\t\t\t<span class=\"material-symbols-outlined\">waves<\/span>\n\t\t\t\t\t\t\t\t\tBalkon Seeblick\t\t\t\t\t\t\t\t<\/span>\n\t\t\t\t\t\t\t\t\t\t\t\t\t\t\t<span class=\"\">\n\t\t\t\t\t\t\t\t\t<span class=\"material-symbols-outlined\">ac_unit<\/span>\n\t\t\t\t\t\t\t\t\tKlimaanlage\t\t\t\t\t\t\t\t<\/span>\n\t\t\t\t\t\t\t\t\t\t\t\t\t\t\t<span class=\"\">\n\t\t\t\t\t\t\t\t\t<span class=\"material-symbols-outlined\">rectangle<\/span>\n\t\t\t\t\t\t\t\t\tHolzboden\t\t\t\t\t\t\t\t<\/span>\n\t\t\t\t\t\t\t\t\t\t\t\t\t\t\t<span class=\"\">\n\t\t\t\t\t\t\t\t\t<span class=\"material-symbols-outlined\">shower<\/span>\n\t\t\t\t\t\t\t\t\tBadezimmer mit Dusche\t\t\t\t\t\t\t\t<\/span>\n\t\t\t\t\t\t\t\t\t\t\t\t\t\n\t\t\t\t\t\t\t\t\t\t\t<\/div>\t\n\t\t\t\t\n\t\t\t\t<a href=\"https:\/\/www.hotellebalze.it\/de\/zimmer\/klassischer-seeblick-mit-balkon\/\" class=\"btn rooms-list-container-single-btn\">Das Zimmer Entdecken<\/a>\n\t\t\t<\/div>\n\t\t\t\t<\/div>\n\n\n\n<\/div>\n<\/div><\/div>\n\n<div  class=\"grids-section welcome-row grids-is-advanced alignwide\" style=\"--_gs-gap-desktop:0px 0px;--_gs-m-desktop:0 0 0 0;--_gs-p-desktop:40px 0 0 0;--_gs-bg-desktop:transparent none;--_gs-bg-xp-desktop:0px;--_gs-zi-desktop:auto;--_gs-d-desktop:block;--_gs-mw-desktop:calc(100% - 0 - 0);--_gs-gap-tablet:0px 0px;--_gs-m-tablet:0 0 0 0;--_gs-p-tablet:40px 0 0 0;--_gs-bg-tablet:transparent none;--_gs-bg-xp-tablet:0px;--_gs-zi-tablet:auto;--_gs-d-tablet:block;--_gs-mw-tablet:calc(100% - 0 - 0);--_gs-gap-mobile:0px 0px;--_gs-m-mobile:0 0 0 0;--_gs-p-mobile:40px 0 0 0;--_gs-bg-mobile:transparent none;--_gs-bg-xp-mobile:0px;--_gs-zi-mobile:auto;--_gs-d-mobile:block;--_gs-mw-mobile:calc(100% - 0 - 0);--_gs-columns:12;--_gs-rows:6\"><div class=\"grids-s-w_i\">\n<div class=\"grids-area\" style=\"--_ga-column:1\/13;--_ga-row:1\/7;--_ga-m-desktop:0 0 0 0;--_ga-p-desktop:0 0 0 0;--_ga-bg-desktop:transparent none;--_ga-zi-desktop:auto;--_ga-d-desktop:flex;--_ga-mw-desktop:calc(100% - 0 - 0);--_ga-m-tablet:0 0 0 0;--_ga-p-tablet:0 0 0 0;--_ga-bg-tablet:transparent none;--_ga-zi-tablet:auto;--_ga-d-tablet:flex;--_ga-mw-tablet:calc(100% - 0 - 0);--_ga-m-mobile:0 0 0 0;--_ga-p-mobile:0 0 0 0;--_ga-bg-mobile:transparent none;--_ga-zi-mobile:auto;--_ga-d-mobile:flex;--_ga-mw-mobile:calc(100% - 0 - 0)\">\n\n<h2 class=\"wp-block-heading has-text-align-center\">Warum das Hotel Le Balze w\u00e4hlen?<\/h2>\n\n\n\n<p class=\"has-text-align-center sub-title\">Unsere Einrichtungen bieten den perfekten Rahmen f\u00fcr unbeschwerte Familienurlaube, in denen Sie wertvolle Erinnerungen schaffen k\u00f6nnen. Vertrauen Sie auf unser Engagement f\u00fcr Qualit\u00e4t und Gastfreundschaft, um Ihre Zeit in den <b>ausgew\u00e4hlten Hotels f\u00fcr Familien am Gardasee<\/b> unvergesslich zu machen.<\/p>\n\n\n\n<div style=\"height:30px\" aria-hidden=\"true\" class=\"wp-block-spacer\"><\/div>\n\n\n\n<div style=\"height:2px\" aria-hidden=\"true\" class=\"wp-block-spacer\"><\/div>\n\n\n<div  class=\"grids-section grids-is-advanced\" style=\"--_gs-gap-desktop:0px 0px;--_gs-m-desktop:0 0 0 0;--_gs-p-desktop:0 0 0 0;--_gs-bg-desktop:transparent none;--_gs-bg-xp-desktop:0px;--_gs-zi-desktop:auto;--_gs-d-desktop:block;--_gs-mw-desktop:calc(100% - 0 - 0);--_gs-gap-tablet:0px 0px;--_gs-m-tablet:0 0 0 0;--_gs-p-tablet:0 0 0 0;--_gs-bg-tablet:transparent none;--_gs-bg-xp-tablet:0px;--_gs-zi-tablet:auto;--_gs-d-tablet:block;--_gs-mw-tablet:calc(100% - 0 - 0);--_gs-gap-mobile:0px 0px;--_gs-m-mobile:0 0 0 0;--_gs-p-mobile:0 0 0 0;--_gs-bg-mobile:transparent none;--_gs-bg-xp-mobile:0px;--_gs-zi-mobile:auto;--_gs-d-mobile:block;--_gs-mw-mobile:calc(100% - 0 - 0);--_gs-columns:12;--_gs-rows:6\"><div class=\"grids-s-w_i\">\n<div class=\"grids-area\" style=\"--_ga-column:4\/10;--_ga-row:1\/2;--_ga-m-desktop:0 0 0 0;--_ga-p-desktop:0 0 0 0;--_ga-bg-desktop:transparent none;--_ga-zi-desktop:auto;--_ga-d-desktop:flex;--_ga-mw-desktop:calc(100% - 0 - 0);--_ga-m-tablet:0 0 0 0;--_ga-p-tablet:0 0 0 0;--_ga-bg-tablet:transparent none;--_ga-zi-tablet:auto;--_ga-d-tablet:flex;--_ga-mw-tablet:calc(100% - 0 - 0);--_ga-m-mobile:0 0 0 0;--_ga-p-mobile:0 0 0 0;--_ga-bg-mobile:transparent none;--_ga-zi-mobile:auto;--_ga-d-mobile:flex;--_ga-mw-mobile:calc(100% - 0 - 0)\">\n\n<ul class=\"service-list-horizontal\">\n<li class=\"li-orange\">\n<i class=\"fa-solid fa-person-swimming\"><\/i>Schwimmbad und Spa\n<\/li>\n<li class=\"li-orange\">\n<i class=\"fa-solid fa-tennis-ball\"><\/i>Tennispl\u00e4tze\n<\/li>\n<li class=\"li-orange\">\n<i class=\"fa-solid fa-mountain-sun\"><\/i>Panoramablick\n<\/li>\n<\/ul>\n\n<\/div>\n<\/div><\/div>\n<\/div>\n<\/div><\/div>\n\n<div  class=\"grids-section grids-is-advanced alignfull\" style=\"--_gs-gap-desktop:0px 0px;--_gs-m-desktop:0px 0 0 0;--_gs-p-desktop:100px 0 100px 0;--_gs-bg-desktop:transparent url(https:\/\/www.hotellebalze.it\/wp-content\/uploads\/2026\/02\/Vista-panoramica-dallHotel-Le-Balze.jpg) no-repeat 50% 50%  \/ cover;--_gs-bg-xp-desktop:0px;--_gs-zi-desktop:auto;--_gs-d-desktop:block;--_gs-mw-desktop:calc(100% - 0 - 0);--_gs-gap-tablet:0px 0px;--_gs-m-tablet:0px 0 0 0;--_gs-p-tablet:100px 0 100px 0;--_gs-bg-tablet:transparent url(https:\/\/www.hotellebalze.it\/wp-content\/uploads\/2026\/02\/Vista-panoramica-dallHotel-Le-Balze.jpg) no-repeat 50% 50%  \/ cover;--_gs-bg-xp-tablet:0px;--_gs-zi-tablet:auto;--_gs-d-tablet:block;--_gs-mw-tablet:calc(100% - 0 - 0);--_gs-gap-mobile:0px 0px;--_gs-m-mobile:0px 0 0 0;--_gs-p-mobile:100px 0 100px 0;--_gs-bg-mobile:transparent url(https:\/\/www.hotellebalze.it\/wp-content\/uploads\/2026\/02\/Vista-panoramica-dallHotel-Le-Balze.jpg) no-repeat 50% 50%  \/ cover;--_gs-bg-xp-mobile:0px;--_gs-zi-mobile:auto;--_gs-d-mobile:block;--_gs-mw-mobile:calc(100% - 0 - 0);--_gs-columns:12;--_gs-rows:6\"><div class=\"grids-s-w_i\">\n<div class=\"grids-area\" style=\"--_ga-column:4\/10;--_ga-row:2\/3;--_ga-va:center;--_ga-m-desktop:0 0 0 0;--_ga-p-desktop:40px 40px 40px 40px;--_ga-bg-desktop:#ffffff none;--_ga-zi-desktop:auto;--_ga-d-desktop:flex;--_ga-mw-desktop:calc(100% - 0 - 0);--_ga-m-tablet:0 0 0 0;--_ga-p-tablet:40px 40px 40px 40px;--_ga-bg-tablet:#ffffff none;--_ga-zi-tablet:auto;--_ga-d-tablet:flex;--_ga-mw-tablet:calc(100% - 0 - 0);--_ga-m-mobile:0 30px 0 30px;--_ga-p-mobile:12px 12px 12px 12px;--_ga-bg-mobile:#ffffff none;--_ga-zi-mobile:auto;--_ga-d-mobile:flex;--_ga-mw-mobile:calc(100% - 30px - 30px)\">\n<div  class=\"grids-section grids-is-advanced\" style=\"--_gs-gap-desktop:0px 0px;--_gs-m-desktop:0 0 0 0;--_gs-p-desktop:0 0 0 0;--_gs-bg-desktop:transparent none;--_gs-bg-xp-desktop:0px;--_gs-zi-desktop:auto;--_gs-d-desktop:block;--_gs-mw-desktop:calc(100% - 0 - 0);--_gs-gap-tablet:0px 0px;--_gs-m-tablet:0 0 0 0;--_gs-p-tablet:0 0 0 0;--_gs-bg-tablet:transparent none;--_gs-bg-xp-tablet:0px;--_gs-zi-tablet:auto;--_gs-d-tablet:block;--_gs-mw-tablet:calc(100% - 0 - 0);--_gs-gap-mobile:0px 0px;--_gs-m-mobile:0 0 0 0;--_gs-p-mobile:20px 20px 20px 20px;--_gs-bg-mobile:transparent none;--_gs-bg-xp-mobile:0px;--_gs-zi-mobile:auto;--_gs-d-mobile:block;--_gs-mw-mobile:calc(100% - 0 - 0);--_gs-columns:12;--_gs-rows:6\"><div class=\"grids-s-w_i\">\n<div class=\"grids-area\" style=\"--_ga-column:1\/13;--_ga-row:1\/2;--_ga-m-desktop:0 0 0 0;--_ga-p-desktop:0 0 0 0;--_ga-bg-desktop:transparent none;--_ga-zi-desktop:auto;--_ga-d-desktop:flex;--_ga-mw-desktop:calc(100% - 0 - 0);--_ga-m-tablet:0 0 0 0;--_ga-p-tablet:0 0 0 0;--_ga-bg-tablet:transparent none;--_ga-zi-tablet:auto;--_ga-d-tablet:flex;--_ga-mw-tablet:calc(100% - 0 - 0);--_ga-m-mobile:0 0 0 0;--_ga-p-mobile:0 0 0 0;--_ga-bg-mobile:transparent none;--_ga-zi-mobile:auto;--_ga-d-mobile:flex;--_ga-mw-mobile:calc(100% - 0 - 0)\">\n\n<h2 class=\"wp-block-heading has-text-align-center\"><strong><strong><strong>Buchen Sie Ihren Aufenthalt im Hotel Le Balze<\/strong><\/strong><\/strong><\/h2>\n\n\n\n<p class=\"has-text-align-center\">Pr\u00fcfen Sie die Verf\u00fcgbarkeit und&nbsp;<strong>buchen Sie direkt auf unserer Website<\/strong>, um sich die&nbsp;<strong>besten Preise zu sichern und das Hotel Le Balze<\/strong>&nbsp;mit der Gewissheit zu erleben, das beste Angebot gew\u00e4hlt zu haben.<\/p>\n\n\n\n<div class=\"wp-block-buttons is-content-justification-center is-layout-flex wp-container-core-buttons-is-layout-16018d1d wp-block-buttons-is-layout-flex\">\n<div class=\"wp-block-button\"><a class=\"wp-block-button__link wp-element-button\" href=\"https:\/\/www.simplebooking.it\/ibe2\/hotel\/5384?lang=DE&amp;cur=EUR\">VERF\u00dcGBARKEIT PR\u00dcFEN<\/a><\/div>\n<\/div>\n\n<\/div>\n<\/div><\/div>\n<\/div>\n<\/div><\/div>","protected":false},"excerpt":{"rendered":"","protected":false},"author":10,"featured_media":10905,"parent":0,"menu_order":0,"comment_status":"closed","ping_status":"closed","template":"page-no-featured-image.php","meta":{"_acf_changed":false,"advgb_blocks_editor_width":"","advgb_blocks_columns_visual_guide":"","footnotes":""},"class_list":["post-14704","page","type-page","status-publish","has-post-thumbnail","hentry"],"acf":[],"yoast_head":"<!-- This site is optimized with the Yoast SEO plugin v27.4 - https:\/\/yoast.com\/product\/yoast-seo-wordpress\/ -->\n<title>Familienhotels am Gardasee - Hotel Le Balze<\/title>\n<meta name=\"robots\" content=\"index, follow, max-snippet:-1, max-image-preview:large, max-video-preview:-1\" \/>\n<link rel=\"canonical\" href=\"https:\/\/www.hotellebalze.it\/de\/familienhotels-am-gardasee\/\" \/>\n<meta property=\"og:locale\" content=\"de_DE\" \/>\n<meta property=\"og:type\" content=\"article\" \/>\n<meta property=\"og:title\" content=\"Familienhotels am Gardasee - Hotel Le Balze\" \/>\n<meta property=\"og:url\" content=\"https:\/\/www.hotellebalze.it\/de\/familienhotels-am-gardasee\/\" \/>\n<meta property=\"og:site_name\" content=\"Hotel Le Balze\" \/>\n<meta property=\"article:modified_time\" content=\"2026-02-27T15:04:34+00:00\" \/>\n<meta property=\"og:image\" content=\"https:\/\/www.hotellebalze.it\/wp-content\/uploads\/2024\/04\/Sala-da-pranzo-elegante-e-luminosa.jpg\" \/>\n\t<meta property=\"og:image:width\" content=\"1620\" \/>\n\t<meta property=\"og:image:height\" content=\"1080\" \/>\n\t<meta property=\"og:image:type\" content=\"image\/jpeg\" \/>\n<meta name=\"twitter:card\" content=\"summary_large_image\" \/>\n<meta name=\"twitter:label1\" content=\"Gesch\u00e4tzte Lesezeit\" \/>\n\t<meta name=\"twitter:data1\" content=\"3\u00a0Minuten\" \/>\n<script type=\"application\/ld+json\" class=\"yoast-schema-graph\">{\"@context\":\"https:\\\/\\\/schema.org\",\"@graph\":[{\"@type\":\"WebPage\",\"@id\":\"https:\\\/\\\/www.hotellebalze.it\\\/de\\\/familienhotels-am-gardasee\\\/\",\"url\":\"https:\\\/\\\/www.hotellebalze.it\\\/de\\\/familienhotels-am-gardasee\\\/\",\"name\":\"Familienhotels am Gardasee - Hotel Le Balze\",\"isPartOf\":{\"@id\":\"https:\\\/\\\/www.hotellebalze.it\\\/de\\\/#website\"},\"primaryImageOfPage\":{\"@id\":\"https:\\\/\\\/www.hotellebalze.it\\\/de\\\/familienhotels-am-gardasee\\\/#primaryimage\"},\"image\":{\"@id\":\"https:\\\/\\\/www.hotellebalze.it\\\/de\\\/familienhotels-am-gardasee\\\/#primaryimage\"},\"thumbnailUrl\":\"https:\\\/\\\/www.hotellebalze.it\\\/wp-content\\\/uploads\\\/2024\\\/04\\\/Sala-da-pranzo-elegante-e-luminosa.jpg\",\"datePublished\":\"2026-02-27T14:54:15+00:00\",\"dateModified\":\"2026-02-27T15:04:34+00:00\",\"inLanguage\":\"de\",\"potentialAction\":[{\"@type\":\"ReadAction\",\"target\":[\"https:\\\/\\\/www.hotellebalze.it\\\/de\\\/familienhotels-am-gardasee\\\/\"]}]},{\"@type\":\"ImageObject\",\"inLanguage\":\"de\",\"@id\":\"https:\\\/\\\/www.hotellebalze.it\\\/de\\\/familienhotels-am-gardasee\\\/#primaryimage\",\"url\":\"https:\\\/\\\/www.hotellebalze.it\\\/wp-content\\\/uploads\\\/2024\\\/04\\\/Sala-da-pranzo-elegante-e-luminosa.jpg\",\"contentUrl\":\"https:\\\/\\\/www.hotellebalze.it\\\/wp-content\\\/uploads\\\/2024\\\/04\\\/Sala-da-pranzo-elegante-e-luminosa.jpg\",\"width\":1620,\"height\":1080},{\"@type\":\"WebSite\",\"@id\":\"https:\\\/\\\/www.hotellebalze.it\\\/de\\\/#website\",\"url\":\"https:\\\/\\\/www.hotellebalze.it\\\/de\\\/\",\"name\":\"Hotel Le Balze\",\"description\":\"TREMOSINE SUL GARDA\",\"publisher\":{\"@id\":\"https:\\\/\\\/www.hotellebalze.it\\\/de\\\/#organization\"},\"potentialAction\":[{\"@type\":\"SearchAction\",\"target\":{\"@type\":\"EntryPoint\",\"urlTemplate\":\"https:\\\/\\\/www.hotellebalze.it\\\/de\\\/?s={search_term_string}\"},\"query-input\":{\"@type\":\"PropertyValueSpecification\",\"valueRequired\":true,\"valueName\":\"search_term_string\"}}],\"inLanguage\":\"de\"},{\"@type\":\"Organization\",\"@id\":\"https:\\\/\\\/www.hotellebalze.it\\\/de\\\/#organization\",\"name\":\"Hotel Le Balze\",\"url\":\"https:\\\/\\\/www.hotellebalze.it\\\/de\\\/\",\"logo\":{\"@type\":\"ImageObject\",\"inLanguage\":\"de\",\"@id\":\"https:\\\/\\\/www.hotellebalze.it\\\/de\\\/#\\\/schema\\\/logo\\\/image\\\/\",\"url\":\"https:\\\/\\\/www.hotellebalze.it\\\/wp-content\\\/uploads\\\/2024\\\/03\\\/hotel-le-balze.png\",\"contentUrl\":\"https:\\\/\\\/www.hotellebalze.it\\\/wp-content\\\/uploads\\\/2024\\\/03\\\/hotel-le-balze.png\",\"width\":1200,\"height\":244,\"caption\":\"Hotel Le Balze\"},\"image\":{\"@id\":\"https:\\\/\\\/www.hotellebalze.it\\\/de\\\/#\\\/schema\\\/logo\\\/image\\\/\"}}]}<\/script>\n<!-- \/ Yoast SEO plugin. -->","yoast_head_json":{"title":"Familienhotels am Gardasee - Hotel Le Balze","robots":{"index":"index","follow":"follow","max-snippet":"max-snippet:-1","max-image-preview":"max-image-preview:large","max-video-preview":"max-video-preview:-1"},"canonical":"https:\/\/www.hotellebalze.it\/de\/familienhotels-am-gardasee\/","og_locale":"de_DE","og_type":"article","og_title":"Familienhotels am Gardasee - Hotel Le Balze","og_url":"https:\/\/www.hotellebalze.it\/de\/familienhotels-am-gardasee\/","og_site_name":"Hotel Le Balze","article_modified_time":"2026-02-27T15:04:34+00:00","og_image":[{"width":1620,"height":1080,"url":"https:\/\/www.hotellebalze.it\/wp-content\/uploads\/2024\/04\/Sala-da-pranzo-elegante-e-luminosa.jpg","type":"image\/jpeg"}],"twitter_card":"summary_large_image","twitter_misc":{"Gesch\u00e4tzte Lesezeit":"3\u00a0Minuten"},"schema":{"@context":"https:\/\/schema.org","@graph":[{"@type":"WebPage","@id":"https:\/\/www.hotellebalze.it\/de\/familienhotels-am-gardasee\/","url":"https:\/\/www.hotellebalze.it\/de\/familienhotels-am-gardasee\/","name":"Familienhotels am Gardasee - Hotel Le Balze","isPartOf":{"@id":"https:\/\/www.hotellebalze.it\/de\/#website"},"primaryImageOfPage":{"@id":"https:\/\/www.hotellebalze.it\/de\/familienhotels-am-gardasee\/#primaryimage"},"image":{"@id":"https:\/\/www.hotellebalze.it\/de\/familienhotels-am-gardasee\/#primaryimage"},"thumbnailUrl":"https:\/\/www.hotellebalze.it\/wp-content\/uploads\/2024\/04\/Sala-da-pranzo-elegante-e-luminosa.jpg","datePublished":"2026-02-27T14:54:15+00:00","dateModified":"2026-02-27T15:04:34+00:00","inLanguage":"de","potentialAction":[{"@type":"ReadAction","target":["https:\/\/www.hotellebalze.it\/de\/familienhotels-am-gardasee\/"]}]},{"@type":"ImageObject","inLanguage":"de","@id":"https:\/\/www.hotellebalze.it\/de\/familienhotels-am-gardasee\/#primaryimage","url":"https:\/\/www.hotellebalze.it\/wp-content\/uploads\/2024\/04\/Sala-da-pranzo-elegante-e-luminosa.jpg","contentUrl":"https:\/\/www.hotellebalze.it\/wp-content\/uploads\/2024\/04\/Sala-da-pranzo-elegante-e-luminosa.jpg","width":1620,"height":1080},{"@type":"WebSite","@id":"https:\/\/www.hotellebalze.it\/de\/#website","url":"https:\/\/www.hotellebalze.it\/de\/","name":"Hotel Le Balze","description":"TREMOSINE SUL GARDA","publisher":{"@id":"https:\/\/www.hotellebalze.it\/de\/#organization"},"potentialAction":[{"@type":"SearchAction","target":{"@type":"EntryPoint","urlTemplate":"https:\/\/www.hotellebalze.it\/de\/?s={search_term_string}"},"query-input":{"@type":"PropertyValueSpecification","valueRequired":true,"valueName":"search_term_string"}}],"inLanguage":"de"},{"@type":"Organization","@id":"https:\/\/www.hotellebalze.it\/de\/#organization","name":"Hotel Le Balze","url":"https:\/\/www.hotellebalze.it\/de\/","logo":{"@type":"ImageObject","inLanguage":"de","@id":"https:\/\/www.hotellebalze.it\/de\/#\/schema\/logo\/image\/","url":"https:\/\/www.hotellebalze.it\/wp-content\/uploads\/2024\/03\/hotel-le-balze.png","contentUrl":"https:\/\/www.hotellebalze.it\/wp-content\/uploads\/2024\/03\/hotel-le-balze.png","width":1200,"height":244,"caption":"Hotel Le Balze"},"image":{"@id":"https:\/\/www.hotellebalze.it\/de\/#\/schema\/logo\/image\/"}}]}},"coauthors":[],"author_meta":{"author_link":"https:\/\/www.hotellebalze.it\/de\/author\/openrosetta\/","display_name":"Openrosetta"},"relative_dates":{"created":"Posted 2\u00a0Monaten ago","modified":"Updated 2\u00a0Monaten ago"},"absolute_dates":{"created":"Posted on 27. Februar 2026","modified":"Updated on 27. Februar 2026"},"absolute_dates_time":{"created":"Posted on 27. Februar 2026 15:54","modified":"Updated on 27. Februar 2026 16:04"},"featured_img_caption":"","featured_img":"https:\/\/www.hotellebalze.it\/wp-content\/uploads\/2024\/04\/Sala-da-pranzo-elegante-e-luminosa-1200x800.jpg","series_order":"","_links":{"self":[{"href":"https:\/\/www.hotellebalze.it\/de\/wp-json\/wp\/v2\/pages\/14704","targetHints":{"allow":["GET"]}}],"collection":[{"href":"https:\/\/www.hotellebalze.it\/de\/wp-json\/wp\/v2\/pages"}],"about":[{"href":"https:\/\/www.hotellebalze.it\/de\/wp-json\/wp\/v2\/types\/page"}],"author":[{"embeddable":true,"href":"https:\/\/www.hotellebalze.it\/de\/wp-json\/wp\/v2\/users\/10"}],"replies":[{"embeddable":true,"href":"https:\/\/www.hotellebalze.it\/de\/wp-json\/wp\/v2\/comments?post=14704"}],"version-history":[{"count":1,"href":"https:\/\/www.hotellebalze.it\/de\/wp-json\/wp\/v2\/pages\/14704\/revisions"}],"predecessor-version":[{"id":14722,"href":"https:\/\/www.hotellebalze.it\/de\/wp-json\/wp\/v2\/pages\/14704\/revisions\/14722"}],"wp:featuredmedia":[{"embeddable":true,"href":"https:\/\/www.hotellebalze.it\/de\/wp-json\/wp\/v2\/media\/10905"}],"wp:attachment":[{"href":"https:\/\/www.hotellebalze.it\/de\/wp-json\/wp\/v2\/media?parent=14704"}],"curies":[{"name":"wp","href":"https:\/\/api.w.org\/{rel}","templated":true}]}}